{"version":"1.0","provider_name":"Elise","provider_url":"https:\/\/a-elise.com","author_name":"Elise","author_url":"https:\/\/a-elise.com\/index.php\/author\/admin9885\/","title":"MES TENDANCES PR\u00c9F\u00c9R\u00c9ES DE LA RENTR\u00c9E - Elise","type":"rich","width":600,"height":338,"html":"<blockquote class=\"wp-embedded-content\"><a href=\"https:\/\/a-elise.com\/index.php\/2019\/09\/17\/mes-tendances-preferees-de-la-rentree\/\">MES TENDANCES PR\u00c9F\u00c9R\u00c9ES DE LA RENTR\u00c9E<\/a><\/blockquote>\n<script type='text\/javascript'>\n<!--\/\/--><![CDATA[\/\/><!--\n\t\t!function(d,l){\"use strict\";var e=!1,n=!1;if(l.querySelector)if(d.addEventListener)e=!0;if(d.wp=d.wp||{},!d.wp.receiveEmbedMessage)if(d.wp.receiveEmbedMessage=function(e){var t=e.data;if(t)if(t.secret||t.message||t.value)if(!\/[^a-zA-Z0-9]\/.test(t.secret)){for(var r,i,a,s=l.querySelectorAll('iframe[data-secret=\"'+t.secret+'\"]'),n=l.querySelectorAll('blockquote[data-secret=\"'+t.secret+'\"]'),o=new RegExp(\"^https?:$\",\"i\"),c=0;c<n.length;c++)n[c].style.display=\"none\";for(c=0;c<s.length;c++)if(r=s[c],e.source===r.contentWindow){if(r.removeAttribute(\"style\"),\"height\"===t.message){if(1e3<(a=parseInt(t.value,10)))a=1e3;else if(~~a<200)a=200;r.height=a}if(\"link\"===t.message)if(i=l.createElement(\"a\"),a=l.createElement(\"a\"),i.href=r.getAttribute(\"src\"),a.href=t.value,o.test(a.protocol))if(a.host===i.host)if(l.activeElement===r)d.top.location.href=t.value}}},e)d.addEventListener(\"message\",d.wp.receiveEmbedMessage,!1),l.addEventListener(\"DOMContentLoaded\",t,!1),d.addEventListener(\"load\",t,!1);function t(){if(!n){n=!0;for(var e,t,r=-1!==navigator.appVersion.indexOf(\"MSIE 10\"),i=!!navigator.userAgent.match(\/Trident.*rv:11\\.\/),a=l.querySelectorAll(\"iframe.wp-embedded-content\"),s=0;s<a.length;s++){if(!(e=a[s]).getAttribute(\"data-secret\"))t=Math.random().toString(36).substr(2,10),e.src+=\"#?secret=\"+t,e.setAttribute(\"data-secret\",t);if(r||i)(t=e.cloneNode(!0)).removeAttribute(\"security\"),e.parentNode.replaceChild(t,e)}}}}(window,document);\n\/\/--><!]]>\n<\/script><iframe sandbox=\"allow-scripts\" security=\"restricted\" src=\"https:\/\/a-elise.com\/index.php\/2019\/09\/17\/mes-tendances-preferees-de-la-rentree\/embed\/\" width=\"600\" height=\"338\" title=\"\u00ab\u00a0MES TENDANCES PR\u00c9F\u00c9R\u00c9ES DE LA RENTR\u00c9E\u00a0\u00bb &#8212; Elise\" frameborder=\"0\" marginwidth=\"0\" marginheight=\"0\" scrolling=\"no\" class=\"wp-embedded-content\"><\/iframe>","thumbnail_url":"https:\/\/a-elise.com\/wp-content\/uploads\/2019\/09\/IMG_2970-1.jpg","thumbnail_width":2595,"thumbnail_height":3632,"description":"Qui dit rentr\u00e9e, dit automne et donc le retour des vestes, des bottines, des petits pulls. De mon c\u00f4t\u00e9, j'ai toujours aim\u00e9 shopper de nouvelles pi\u00e8ces pour la rentr\u00e9e. J'ai alors d\u00e9cid\u00e9 de vous partager mes tendances pr\u00e9f\u00e9r\u00e9es de la rentr\u00e9e et \u00e0 l'occasion de vous montrer comment je les porte."}